{"id":795,"date":"2019-04-09T05:24:08","date_gmt":"2019-04-09T08:24:08","guid":{"rendered":"http:\/\/www.encontrabelem.com.br\/sobre\/?page_id=795"},"modified":"2019-04-09T05:25:25","modified_gmt":"2019-04-09T08:25:25","slug":"guarda-municipal-de-belem","status":"publish","type":"page","link":"https:\/\/www.encontrabelem.com.br\/sobre\/guarda-municipal-de-belem","title":{"rendered":"Guarda Municipal de Bel\u00e9m"},"content":{"rendered":"<div class=\"b22802487b0d38c4c6d9f34966e16421\" data-index=\"1\" style=\"float: none; margin:0px;\">\n<!-- Anuncio display - global -->\r\n<ins class=\"adsbygoogle\"\r\n     style=\"display:block\"\r\n     data-ad-client=\"ca-pub-8585364105181520\"\r\n     data-ad-slot=\"8789329856\"\r\n     data-ad-format=\"auto\"\r\n     data-full-width-responsive=\"true\"><\/ins>\r\n<script>\r\n     (adsbygoogle = window.adsbygoogle || []).push({});\r\n<\/script>\n<\/div>\n<p>A <strong>Guarda Municipal de Bel\u00e9m<\/strong> (GMB) foi criada pela Lei Municipal n\u00ba 7.346, datada de 14 de outubro de 1986, implantada em 27 de setembro de 1991 tendo a sua lei de cria\u00e7\u00e3o alterada pela Lei Municipal n\u00ba 8.769, de 27 de Setembro de 2010, que a define como uma organiza\u00e7\u00e3o aut\u00f4noma administrativa e financeiramente, com compet\u00eancia institucional da seguran\u00e7a urbana municipal e atribui\u00e7\u00f5es de proteger sua popula\u00e7\u00e3o, guarda e prote\u00e7\u00e3o dos parques, pra\u00e7as, jardins e demais logradouros p\u00fablicos ou pr\u00f3prios municipais, bem como colaborar com \u00f3rg\u00e3o competente na operacionaliza\u00e7\u00e3o de fiscaliza\u00e7\u00e3o de tr\u00e2nsito do Munic\u00edpio.<\/p>\n<p>A Guarda municipal de Bel\u00e9m tem orgulho de ser encarregada de oferecer prote\u00e7\u00e3o aos bens, servi\u00e7os e instala\u00e7\u00f5es na maior metr\u00f3pole da Amaz\u00f4nia e atuar na seguran\u00e7a urbana aos mun\u00edcipes de Bel\u00e9m, o bem maior da cidade.<\/p>\n<p><img loading=\"lazy\" decoding=\"async\" class=\"alignnone wp-image-796 size-full\" title=\"Guarda Municipal de Bel\u00e9m\" src=\"http:\/\/www.encontrabelem.com.br\/sobre\/wp-content\/uploads\/2019\/04\/guarda-municipal-belem.gif\" alt=\"Guarda Municipal de Bel\u00e9m\" width=\"680\" height=\"189\" \/><\/p>\n<p>O compromisso de atua\u00e7\u00e3o baseia-se em ser protetores, amigos e aliados da popula\u00e7\u00e3o belenense e a premissa \u00e9 o respeito \u00e0 dignidade humana que define os padr\u00f5es de servi\u00e7os a serem promovidos pela Guarda Municipal de Bel\u00e9m.<\/p>\n<h2>Onde Atua a Guarda Municipal\u00a0Bel\u00e9m<\/h2>\n<p>A Guarda Municipal de Bel\u00e9m <em>atua<\/em> nas seguintes esferas:<\/p>\n<ul>\n<li>Efetivo<\/li>\n<li>Locais P\u00fablicos<\/li>\n<li>Servi\u00e7os Permanentes<\/li>\n<li>Servi\u00e7os Eventuais<\/li>\n<\/ul>\n<h3>Guarda Municipal\u00a0Bel\u00e9m Concurso<\/h3>\n<p>Para trabalhar na Guarda \u00e9 necess\u00e1rio passar pelas provas de<em> concurso. <\/em>Fique atento ao site e ao <a href=\"http:\/\/www.encontrabelem.com.br\/sobre\/diario-oficial-belem\" target=\"_blank\" rel=\"noopener noreferrer\">Di\u00e1rio Oficial <\/a>da regi\u00e3o e n\u00e3o perca as inscri\u00e7\u00f5es e as datas das provas.<em><br \/>\n<\/em><\/p>\n<h3>Guarda Municipal\u00a0Bel\u00e9m Sal\u00e1rios<\/h3>\n<p>Os\u00a0<em>sal\u00e1rios<\/em> dos cargos oferecidos pela Guarda Municipal estar\u00e3o descritos nos editais dos concursos.<\/p>\n<h3>Hor\u00e1rio de Funcionamento\u00a0Guarda Municipal em Bel\u00e9m<\/h3>\n<ul>\n<li>Segunda a Sexta das 08h \u00e0s 18h \/ S\u00e1bado das 08h \u00e0s 14h<\/li>\n<\/ul>\n<h3>Onde Fica, Endere\u00e7o e Telefone\u00a0Guarda Municipal em Bel\u00e9m<\/h3>\n<ul>\n<li>Av. Pedro \u00c1lvares Cabral, 1400 &#8211; Umarizal &#8211; Bel\u00e9m &#8211; PA<\/li>\n<li>Telefone: (91) 3259-0016<\/li>\n<\/ul>\n<h4>Outras informa\u00e7\u00f5es e site<\/h4>\n<ul>\n<li>Mais informa\u00e7\u00f5es:\u00a0<a href=\"http:\/\/guarda.belem.pa.gov.br\/\" target=\"_blank\" rel=\"noopener noreferrer\">www.guarda.belem.pa.gov.br<\/a><\/li>\n<\/ul>\n<h4>Mapa de localiza\u00e7\u00e3o<\/h4>\n<a class=\"wp-colorbox-iframe\" href=\"https:\/\/www.google.com\/maps\/embed?pb=!1m14!1m8!1m3!1d15954.274936678383!2d-48.4907153!3d-1.434021!3m2!1i1024!2i768!4f13.1!3m3!1m2!1s0x00x874c9c71eb7661d9!2sComando+da+Guarda+Municipal+de+Belm!5e0!3m2!1spt-BR!2sbr!4v1554797916811!5m2!1spt-BR!2sbr\"><img decoding=\"async\" src=\"http:\/\/www.encontrabelem.com.br\/imgs\/maps-post.png\"><\/a>\n\n<div style=\"font-size: 0px; height: 0px; line-height: 0px; margin: 0; padding: 0; clear: both;\"><\/div>","protected":false},"excerpt":{"rendered":"<p>A Guarda Municipal de Bel\u00e9m (GMB) foi criada pela Lei Municipal n\u00ba 7.346, datada de 14 de outubro de 1986, implantada em 27 de setembro de 1991 tendo a sua lei de cria\u00e7\u00e3o alterada pela Lei Municipal n\u00ba 8.769, de 27 de Setembro de 2010, que a define como uma organiza\u00e7\u00e3o aut\u00f4noma administrativa e financeiramente, com compet\u00eancia institucional da seguran\u00e7a urbana municipal e atribui\u00e7\u00f5es de proteger sua popula\u00e7\u00e3o, guarda e prote\u00e7\u00e3o dos parques, pra\u00e7as, jardins e demais logradouros p\u00fablicos ou pr\u00f3prios municipais, bem como colaborar com \u00f3rg\u00e3o competente na operacionaliza\u00e7\u00e3o de fiscaliza\u00e7\u00e3o de tr\u00e2nsito do Munic\u00edpio. A Guarda municipal de <\/p>\n","protected":false},"author":1,"featured_media":0,"parent":0,"menu_order":0,"comment_status":"closed","ping_status":"closed","template":"","meta":{"footnotes":""},"class_list":["post-795","page","type-page","status-publish","hentry"],"aioseo_notices":[],"aioseo_head":"\n\t\t<!-- All in One SEO 5.0.0.1 - aioseo.com -->\n\t<meta name=\"description\" content=\"Veja sobre a ( Guarda Municipal em Bel\u00e9m ) - Informa\u00e7\u00f5es, concursos, sal\u00e1rios, hor\u00e1rio de funcionamento, endere\u00e7o e telefone. CLIQUE AQUI!\" \/>\n\t<meta name=\"robots\" content=\"max-image-preview:large\" \/>\n\t<link rel=\"canonical\" href=\"https:\/\/www.encontrabelem.com.br\/sobre\/guarda-municipal-de-belem\" \/>\n\t<meta name=\"generator\" content=\"All in One SEO (AIOSEO) 5.0.0.1\" \/>\n\t\t<meta property=\"og:locale\" content=\"pt_BR\" \/>\n\t\t<meta property=\"og:site_name\" content=\"Encontra Bel\u00e9m | Not\u00edcias, eventos, informa\u00e7\u00f5es e dicas na cidade Bel\u00e9m e regi\u00e3o.\" \/>\n\t\t<meta property=\"og:type\" content=\"article\" \/>\n\t\t<meta property=\"og:title\" content=\"Guarda Municipal Bel\u00e9m: Concursos, Sal\u00e1rios, Telefone | Encontra Bel\u00e9m\" \/>\n\t\t<meta property=\"og:description\" content=\"Veja sobre a ( Guarda Municipal em Bel\u00e9m ) - Informa\u00e7\u00f5es, concursos, sal\u00e1rios, hor\u00e1rio de funcionamento, endere\u00e7o e telefone. CLIQUE AQUI!\" \/>\n\t\t<meta property=\"og:url\" content=\"https:\/\/www.encontrabelem.com.br\/sobre\/guarda-municipal-de-belem\" \/>\n\t\t<meta property=\"article:published_time\" content=\"2019-04-09T08:24:08+00:00\" \/>\n\t\t<meta property=\"article:modified_time\" content=\"2019-04-09T08:25:25+00:00\" \/>\n\t\t<meta name=\"twitter:card\" content=\"summary\" \/>\n\t\t<meta name=\"twitter:title\" content=\"Guarda Municipal Bel\u00e9m: Concursos, Sal\u00e1rios, Telefone | Encontra Bel\u00e9m\" \/>\n\t\t<meta name=\"twitter:description\" content=\"Veja sobre a ( Guarda Municipal em Bel\u00e9m ) - Informa\u00e7\u00f5es, concursos, sal\u00e1rios, hor\u00e1rio de funcionamento, endere\u00e7o e telefone. CLIQUE AQUI!\" \/>\n\t\t<script type=\"application\/ld+json\" class=\"aioseo-schema\">\n\t\t\t{\"@context\":\"https:\\\/\\\/schema.org\",\"@graph\":[{\"@type\":\"BreadcrumbList\",\"@id\":\"https:\\\/\\\/www.encontrabelem.com.br\\\/sobre\\\/guarda-municipal-de-belem#breadcrumblist\",\"itemListElement\":[{\"@type\":\"ListItem\",\"@id\":\"https:\\\/\\\/www.encontrabelem.com.br\\\/sobre#listItem\",\"position\":1,\"name\":\"In\\u00edcio\",\"item\":\"https:\\\/\\\/www.encontrabelem.com.br\\\/sobre\",\"nextItem\":{\"@type\":\"ListItem\",\"@id\":\"https:\\\/\\\/www.encontrabelem.com.br\\\/sobre\\\/guarda-municipal-de-belem#listItem\",\"name\":\"Guarda Municipal de Bel\\u00e9m\"}},{\"@type\":\"ListItem\",\"@id\":\"https:\\\/\\\/www.encontrabelem.com.br\\\/sobre\\\/guarda-municipal-de-belem#listItem\",\"position\":2,\"name\":\"Guarda Municipal de Bel\\u00e9m\",\"previousItem\":{\"@type\":\"ListItem\",\"@id\":\"https:\\\/\\\/www.encontrabelem.com.br\\\/sobre#listItem\",\"name\":\"In\\u00edcio\"}}]},{\"@type\":\"Organization\",\"@id\":\"https:\\\/\\\/www.encontrabelem.com.br\\\/sobre\\\/#organization\",\"name\":\"Encontra Bel\\u00e9m\",\"description\":\"Not\\u00edcias, eventos, informa\\u00e7\\u00f5es e dicas na cidade Bel\\u00e9m e regi\\u00e3o.\",\"url\":\"https:\\\/\\\/www.encontrabelem.com.br\\\/sobre\\\/\"},{\"@type\":\"WebPage\",\"@id\":\"https:\\\/\\\/www.encontrabelem.com.br\\\/sobre\\\/guarda-municipal-de-belem#webpage\",\"url\":\"https:\\\/\\\/www.encontrabelem.com.br\\\/sobre\\\/guarda-municipal-de-belem\",\"name\":\"Guarda Municipal Bel\\u00e9m: Concursos, Sal\\u00e1rios, Telefone | Encontra Bel\\u00e9m\",\"description\":\"Veja sobre a ( Guarda Municipal em Bel\\u00e9m ) - Informa\\u00e7\\u00f5es, concursos, sal\\u00e1rios, hor\\u00e1rio de funcionamento, endere\\u00e7o e telefone. CLIQUE AQUI!\",\"inLanguage\":\"pt-BR\",\"isPartOf\":{\"@id\":\"https:\\\/\\\/www.encontrabelem.com.br\\\/sobre\\\/#website\"},\"breadcrumb\":{\"@id\":\"https:\\\/\\\/www.encontrabelem.com.br\\\/sobre\\\/guarda-municipal-de-belem#breadcrumblist\"},\"datePublished\":\"2019-04-09T05:24:08-03:00\",\"dateModified\":\"2019-04-09T05:25:25-03:00\"},{\"@type\":\"WebSite\",\"@id\":\"https:\\\/\\\/www.encontrabelem.com.br\\\/sobre\\\/#website\",\"url\":\"https:\\\/\\\/www.encontrabelem.com.br\\\/sobre\\\/\",\"name\":\"Encontra Bel\\u00e9m\",\"description\":\"Not\\u00edcias, eventos, informa\\u00e7\\u00f5es e dicas na cidade Bel\\u00e9m e regi\\u00e3o.\",\"inLanguage\":\"pt-BR\",\"publisher\":{\"@id\":\"https:\\\/\\\/www.encontrabelem.com.br\\\/sobre\\\/#organization\"}}]}\n\t\t<\/script>\n\t\t<!-- All in One SEO -->\n\n","aioseo_head_json":{"title":"Guarda Municipal Bel\u00e9m: Concursos, Sal\u00e1rios, Telefone | Encontra Bel\u00e9m","description":"Veja sobre a ( Guarda Municipal em Bel\u00e9m ) - Informa\u00e7\u00f5es, concursos, sal\u00e1rios, hor\u00e1rio de funcionamento, endere\u00e7o e telefone. CLIQUE AQUI!","canonical_url":"https:\/\/www.encontrabelem.com.br\/sobre\/guarda-municipal-de-belem","robots":"max-image-preview:large","keywords":"","webmasterTools":{"miscellaneous":""},"schema":{"@context":"https:\/\/schema.org","@graph":[{"@type":"BreadcrumbList","@id":"https:\/\/www.encontrabelem.com.br\/sobre\/guarda-municipal-de-belem#breadcrumblist","itemListElement":[{"@type":"ListItem","@id":"https:\/\/www.encontrabelem.com.br\/sobre#listItem","position":1,"name":"In\u00edcio","item":"https:\/\/www.encontrabelem.com.br\/sobre","nextItem":{"@type":"ListItem","@id":"https:\/\/www.encontrabelem.com.br\/sobre\/guarda-municipal-de-belem#listItem","name":"Guarda Municipal de Bel\u00e9m"}},{"@type":"ListItem","@id":"https:\/\/www.encontrabelem.com.br\/sobre\/guarda-municipal-de-belem#listItem","position":2,"name":"Guarda Municipal de Bel\u00e9m","previousItem":{"@type":"ListItem","@id":"https:\/\/www.encontrabelem.com.br\/sobre#listItem","name":"In\u00edcio"}}]},{"@type":"Organization","@id":"https:\/\/www.encontrabelem.com.br\/sobre\/#organization","name":"Encontra Bel\u00e9m","description":"Not\u00edcias, eventos, informa\u00e7\u00f5es e dicas na cidade Bel\u00e9m e regi\u00e3o.","url":"https:\/\/www.encontrabelem.com.br\/sobre\/"},{"@type":"WebPage","@id":"https:\/\/www.encontrabelem.com.br\/sobre\/guarda-municipal-de-belem#webpage","url":"https:\/\/www.encontrabelem.com.br\/sobre\/guarda-municipal-de-belem","name":"Guarda Municipal Bel\u00e9m: Concursos, Sal\u00e1rios, Telefone | Encontra Bel\u00e9m","description":"Veja sobre a ( Guarda Municipal em Bel\u00e9m ) - Informa\u00e7\u00f5es, concursos, sal\u00e1rios, hor\u00e1rio de funcionamento, endere\u00e7o e telefone. CLIQUE AQUI!","inLanguage":"pt-BR","isPartOf":{"@id":"https:\/\/www.encontrabelem.com.br\/sobre\/#website"},"breadcrumb":{"@id":"https:\/\/www.encontrabelem.com.br\/sobre\/guarda-municipal-de-belem#breadcrumblist"},"datePublished":"2019-04-09T05:24:08-03:00","dateModified":"2019-04-09T05:25:25-03:00"},{"@type":"WebSite","@id":"https:\/\/www.encontrabelem.com.br\/sobre\/#website","url":"https:\/\/www.encontrabelem.com.br\/sobre\/","name":"Encontra Bel\u00e9m","description":"Not\u00edcias, eventos, informa\u00e7\u00f5es e dicas na cidade Bel\u00e9m e regi\u00e3o.","inLanguage":"pt-BR","publisher":{"@id":"https:\/\/www.encontrabelem.com.br\/sobre\/#organization"}}]},"og:locale":"pt_BR","og:site_name":"Encontra Bel\u00e9m | Not\u00edcias, eventos, informa\u00e7\u00f5es e dicas na cidade Bel\u00e9m e regi\u00e3o.","og:type":"article","og:title":"Guarda Municipal Bel\u00e9m: Concursos, Sal\u00e1rios, Telefone | Encontra Bel\u00e9m","og:description":"Veja sobre a ( Guarda Municipal em Bel\u00e9m ) - Informa\u00e7\u00f5es, concursos, sal\u00e1rios, hor\u00e1rio de funcionamento, endere\u00e7o e telefone. CLIQUE AQUI!","og:url":"https:\/\/www.encontrabelem.com.br\/sobre\/guarda-municipal-de-belem","article:published_time":"2019-04-09T08:24:08+00:00","article:modified_time":"2019-04-09T08:25:25+00:00","twitter:card":"summary","twitter:title":"Guarda Municipal Bel\u00e9m: Concursos, Sal\u00e1rios, Telefone | Encontra Bel\u00e9m","twitter:description":"Veja sobre a ( Guarda Municipal em Bel\u00e9m ) - Informa\u00e7\u00f5es, concursos, sal\u00e1rios, hor\u00e1rio de funcionamento, endere\u00e7o e telefone. CLIQUE AQUI!"},"aioseo_meta_data":{"post_id":"795","title":"Guarda Municipal Bel\u00e9m: Concursos, Sal\u00e1rios, Telefone | #site_title","description":"Veja sobre a ( Guarda Municipal em Bel\u00e9m )  - Informa\u00e7\u00f5es, concursos, sal\u00e1rios, hor\u00e1rio de funcionamento, endere\u00e7o e telefone. CLIQUE AQUI!","keywords":null,"keyphrases":null,"primary_term":null,"canonical_url":null,"og_title":null,"og_description":null,"og_object_type":"default","og_image_type":"default","og_image_url":null,"og_image_width":null,"og_image_height":null,"og_image_custom_url":null,"og_image_custom_fields":null,"og_video":null,"og_custom_url":null,"og_article_section":null,"og_article_tags":null,"twitter_use_og":false,"twitter_card":"default","twitter_image_type":"default","twitter_image_url":null,"twitter_image_custom_url":null,"twitter_image_custom_fields":null,"twitter_title":null,"twitter_description":null,"schema":{"blockGraphs":[],"customGraphs":[],"default":{"data":{"Article":[],"Course":[],"Dataset":[],"FAQPage":[],"Movie":[],"Person":[],"Product":[],"ProductReview":[],"Car":[],"Recipe":[],"Service":[],"SoftwareApplication":[],"WebPage":[]},"graphName":"WebPage","isEnabled":true},"graphs":[]},"schema_type":null,"schema_type_options":null,"pillar_content":false,"robots_default":true,"robots_noindex":false,"robots_noarchive":false,"robots_nosnippet":false,"robots_nofollow":false,"robots_noimageindex":false,"robots_noodp":false,"robots_notranslate":false,"robots_max_snippet":null,"robots_max_videopreview":null,"robots_max_imagepreview":"large","priority":null,"frequency":null,"local_seo":null,"breadcrumb_settings":null,"limit_modified_date":false,"ai":null,"created":"2021-08-12 20:15:53","updated":"2025-11-25 03:35:52","focus_keyword":null,"additional_keywords":null,"truseo_locale":null,"seo_analyzer_scan_date":null},"aioseo_breadcrumb":"<div class=\"aioseo-breadcrumbs\"><span class=\"aioseo-breadcrumb\">\n\t\t\t<a href=\"https:\/\/www.encontrabelem.com.br\/sobre\" title=\"In\u00edcio\">In\u00edcio<\/a>\n\t\t<\/span><span class=\"aioseo-breadcrumb-separator\">&raquo;<\/span><span class=\"aioseo-breadcrumb\">\n\t\t\tGuarda Municipal de Bel\u00e9m\n\t\t<\/span><\/div>","aioseo_breadcrumb_json":[{"label":"In\u00edcio","link":"https:\/\/www.encontrabelem.com.br\/sobre"},{"label":"Guarda Municipal de Bel\u00e9m","link":"https:\/\/www.encontrabelem.com.br\/sobre\/guarda-municipal-de-belem"}],"_links":{"self":[{"href":"https:\/\/www.encontrabelem.com.br\/sobre\/wp-json\/wp\/v2\/pages\/795","targetHints":{"allow":["GET"]}}],"collection":[{"href":"https:\/\/www.encontrabelem.com.br\/sobre\/wp-json\/wp\/v2\/pages"}],"about":[{"href":"https:\/\/www.encontrabelem.com.br\/sobre\/wp-json\/wp\/v2\/types\/page"}],"author":[{"embeddable":true,"href":"https:\/\/www.encontrabelem.com.br\/sobre\/wp-json\/wp\/v2\/users\/1"}],"replies":[{"embeddable":true,"href":"https:\/\/www.encontrabelem.com.br\/sobre\/wp-json\/wp\/v2\/comments?post=795"}],"version-history":[{"count":0,"href":"https:\/\/www.encontrabelem.com.br\/sobre\/wp-json\/wp\/v2\/pages\/795\/revisions"}],"wp:attachment":[{"href":"https:\/\/www.encontrabelem.com.br\/sobre\/wp-json\/wp\/v2\/media?parent=795"}],"curies":[{"name":"wp","href":"https:\/\/api.w.org\/{rel}","templated":true}]}}