{"id":437,"date":"2019-01-26T05:52:19","date_gmt":"2019-01-26T07:52:19","guid":{"rendered":"http:\/\/www.encontrabelem.com.br\/sobre\/?page_id=437"},"modified":"2019-01-31T05:00:12","modified_gmt":"2019-01-31T07:00:12","slug":"diario-oficial-belem","status":"publish","type":"page","link":"https:\/\/www.encontrabelem.com.br\/sobre\/diario-oficial-belem","title":{"rendered":"Di\u00e1rio Oficial Bel\u00e9m"},"content":{"rendered":"<div class=\"b22802487b0d38c4c6d9f34966e16421\" data-index=\"1\" style=\"float: none; margin:0px;\">\n<!-- Anuncio display - global -->\r\n<ins class=\"adsbygoogle\"\r\n     style=\"display:block\"\r\n     data-ad-client=\"ca-pub-8585364105181520\"\r\n     data-ad-slot=\"8789329856\"\r\n     data-ad-format=\"auto\"\r\n     data-full-width-responsive=\"true\"><\/ins>\r\n<script>\r\n     (adsbygoogle = window.adsbygoogle || []).push({});\r\n<\/script>\n<\/div>\n<p>O\u00a0<b>Di\u00e1rio Oficial\u00a0Bel\u00e9m <\/b>\u00e9 um jornal\u00a0criado, mantido e administrado pelo governo da cidade para publicar as literaturas dos atos oficiais da administra\u00e7\u00e3o p\u00fablica executiva, legislativa e judici\u00e1ria.<\/p>\n<p>No Brasil\u00a0s\u00e3o publicados Di\u00e1rios Oficiais da\u00a0Presid\u00eancia da Rep\u00fablica, de cada governo estadual, de cada munic\u00edpio e dos \u00f3rg\u00e3os do\u00a0Poder Judici\u00e1rio<sup id=\"cite_ref-2\" class=\"reference\"><\/sup>. Algumas localidades os disponibilizam, de forma integral, na Internet.<\/p>\n<p><img loading=\"lazy\" decoding=\"async\" class=\"alignnone wp-image-438 size-full\" title=\"Di\u00e1rio Oficial Bel\u00e9m\" src=\"http:\/\/www.encontrabelem.com.br\/sobre\/wp-content\/uploads\/2019\/01\/diario-oficial-belem.gif\" alt=\"Di\u00e1rio Oficial Bel\u00e9m\" width=\"680\" height=\"189\" \/><\/p>\n<p>O Di\u00e1rio Oficial \u00e9 um jornal oficial dos \u00f3rg\u00e3os p\u00fablicos municipais, estaduais e tamb\u00e9m do Governo Federal. Os governos precisam tornar p\u00fablico suas a\u00e7\u00f5es, deci\u00e7\u00f5es, resolu\u00e7\u00f5es ou qualquer outro assunto de interesse da sociedade. Ent\u00e3o usa-se este jornal para fazer a publica\u00e7\u00e3o de:<\/p>\n<ul>\n<li>Leis, decretos, resolu\u00e7\u00f5es, instru\u00e7\u00f5es normativas, portarias e outros atos normativos de interesse geral<\/li>\n<li>Atos de interesse dos servidores da Administra\u00e7\u00e3o P\u00fablica Federal<\/li>\n<li>Contratos, editais, avisos ineditoriais<\/li>\n<li>Balan\u00e7os financeiros da secretarias e empresas p\u00fablicas<\/li>\n<li>Resultados, convoca\u00e7\u00e3o ou abertura de concursos p\u00fablicos<\/li>\n<li>Licita\u00e7\u00f5es, entre outros assuntos.<\/li>\n<li>Se um cidad\u00e3o quer acompanhar a administra\u00e7\u00e3o p\u00fablica e tomar ci\u00eancia dos atos deste governo, o di\u00e1rio oficial \u00e9 um bom come\u00e7o, embora existam tamb\u00e9m outras formas de comunica\u00e7\u00e3o do poder p\u00fablico com a sociedade, como a imprensa de uma maneira geral, mas o jornal oficial \u00e9 exclusivo para este fim. Ele tamb\u00e9m por ser usado como instrumento de transpar\u00eancia p\u00fablica da administra\u00e7\u00e3o.<\/li>\n<\/ul>\n<p>O Di\u00e1rio Oficial poder\u00e1 ser:<\/p>\n<ul>\n<li><span style=\"text-decoration: underline;\">Do Governo Federal:<\/span> Neste caso \u00e9 o Di\u00e1rio Oficial da Uni\u00e3o ou identificado pela sigla D.O.U. \u00c9 muito comum encontrar a cita\u00e7\u00e3o desta sigla em leis, artigos jornal\u00edsticos, entre outros.<\/li>\n<li><span style=\"text-decoration: underline;\">Do Estado:<\/span> Neste caso ele \u00e9 um ve\u00edculo oficial do governo estadual e sua publica\u00e7\u00e3o acontece para divulgar as a\u00e7\u00f5es do governo do estado.<\/li>\n<li><span style=\"text-decoration: underline;\">Do Munic\u00edpio:<\/span> O jornal oficial do munic\u00edpio atente \u00e0 prefeitura e os \u00f3rg\u00e3os p\u00fablicos municipais. Embora o nome seja di\u00e1rio, em muitos munic\u00edpios, especialmente nas cidades menores sua publica\u00e7\u00e3o poder\u00e1 ser semanal, em dias alternados ou at\u00e9 per\u00edodos espec\u00edficos.<\/li>\n<\/ul>\n<p>Ent\u00e3o se voc\u00ea prestou um concurso p\u00fablico e est\u00e1 aguardando o resultado, est\u00e1 envolvido com processos administrativos ou judiciais, tem interesse em assuntos da administra\u00e7\u00e3o p\u00fablica, leia o Di\u00e1rio Oficial do seu munic\u00edpio, seu estado ou o Di\u00e1rio da Uni\u00e3o.<\/p>\n<h2>Hist\u00f3ria do Di\u00e1rio Oficial Bel\u00e9m<\/h2>\n<p>A origem do Di\u00e1rio Oficial remonta \u00e0 \u00e9poca da\u00a0transfer\u00eancia da corte portuguesa para o Brasil.O Di\u00e1rio Oficial foi criado por meio da Lei Imperial N\u00ba 1.177, sancionada em 9 de setembro de 1862\u00a0e o primeiro n\u00famero circulou em 1 de outubro de 1862, quando o governo brasileiro, atrav\u00e9s de uma delibera\u00e7\u00e3o do\u00a0Marqu\u00eas de Olinda, passa a divulgar os atos legais atrav\u00e9s do Di\u00e1rio Oficial.<\/p>\n<p>Em 1994, a Imprensa Nacional passou a utilizar recursos de\u00a0inform\u00e1tica. Em 1997, parte da Se\u00e7\u00e3o I come\u00e7ou a ser disponibilizada na internet, e em 2000 o DOU passou a ser publicado integralmente em vers\u00e3o digital.\u00a0A edi\u00e7\u00e3o de 19 de dezembro de 1997 conquistou o t\u00edtulo de jornal em formato\u00a0tabloide\u00a0com maior n\u00famero de p\u00e1ginas do mundo: 2.112.\u00a0Em 25 de outubro de 2017 foi anunciado o fim da edi\u00e7\u00e3o impressa do DOU, marcada para 1\u00ba de dezembro do mesmo ano.<\/p>\n<h3>Hor\u00e1rio de Funcionamento\u00a0Prefeitura de Bel\u00e9m setor de Imprensa Oficial<\/h3>\n<ul>\n<li>Segunda a Sexta: das 08h \u00e0s 14h<\/li>\n<\/ul>\n<h3>Onde Fica,\u00a0Endere\u00e7o e Telefone Prefeitura de Bel\u00e9m setor de Imprensa Oficial<\/h3>\n<ul>\n<li>Pra\u00e7a Dom Pedro II, 2 &#8211; Cidade Velha &#8211; Bel\u00e9m &#8211; PA<\/li>\n<li>Telefone: (91) 3114-1003<\/li>\n<\/ul>\n<h4>Outras informa\u00e7\u00f5es e site<\/h4>\n<ul>\n<li>Mais informa\u00e7\u00f5es:\u00a0<a href=\"http:\/\/www.belem.pa.gov.br\/diarioom\/\" target=\"_blank\" rel=\"noopener noreferrer\">www.belem.pa.gov.br<\/a><\/li>\n<\/ul>\n<h4>Mapa de localiza\u00e7\u00e3o<\/h4>\n<a class=\"wp-colorbox-iframe\" href=\"https:\/\/www.google.com\/maps\/embed?pb=!1m18!1m12!1m3!1d3988.5304068882733!2d-48.50449908524591!3d-1.4558481989382468!2m3!1f0!2f0!3f0!3m2!1i1024!2i768!4f13.1!3m3!1m2!1s0x92a48ef3925febe10x69b2f0ba1301bb0e!2sPraa+Dom+Pedro+II+2+-+Cidade+Velha+Belm+-+PA+66020-240!5e0!3m2!1spt-BR!2sbr!4v1548488936012\"><img decoding=\"async\" src=\"http:\/\/www.encontrabelem.com.br\/imgs\/maps-post.png\"><\/a>\n\n<div style=\"font-size: 0px; height: 0px; line-height: 0px; margin: 0; padding: 0; clear: both;\"><\/div>","protected":false},"excerpt":{"rendered":"<p>O\u00a0Di\u00e1rio Oficial\u00a0Bel\u00e9m \u00e9 um jornal\u00a0criado, mantido e administrado pelo governo da cidade para publicar as literaturas dos atos oficiais da administra\u00e7\u00e3o p\u00fablica executiva, legislativa e judici\u00e1ria. No Brasil\u00a0s\u00e3o publicados Di\u00e1rios Oficiais da\u00a0Presid\u00eancia da Rep\u00fablica, de cada governo estadual, de cada munic\u00edpio e dos \u00f3rg\u00e3os do\u00a0Poder Judici\u00e1rio. Algumas localidades os disponibilizam, de forma integral, na Internet. O Di\u00e1rio Oficial \u00e9 um jornal oficial dos \u00f3rg\u00e3os p\u00fablicos municipais, estaduais e tamb\u00e9m do Governo Federal. Os governos precisam tornar p\u00fablico suas a\u00e7\u00f5es, deci\u00e7\u00f5es, resolu\u00e7\u00f5es ou qualquer outro assunto de interesse da sociedade. Ent\u00e3o usa-se este jornal para fazer a publica\u00e7\u00e3o de: Leis, decretos, <\/p>\n","protected":false},"author":1,"featured_media":0,"parent":0,"menu_order":0,"comment_status":"closed","ping_status":"closed","template":"","meta":{"footnotes":""},"class_list":["post-437","page","type-page","status-publish","hentry"],"aioseo_notices":[],"aioseo_head":"\n\t\t<!-- All in One SEO 5.0.0.1 - aioseo.com -->\n\t<meta name=\"description\" content=\"Veja sobre o ( Di\u00e1rio Oficial em Bel\u00e9m ) - Informa\u00e7\u00f5es, hor\u00e1rio de funcionamento, endere\u00e7o e telefone. CLIQUE AQUI!\" \/>\n\t<meta name=\"robots\" content=\"max-image-preview:large\" \/>\n\t<link rel=\"canonical\" href=\"https:\/\/www.encontrabelem.com.br\/sobre\/diario-oficial-belem\" \/>\n\t<meta name=\"generator\" content=\"All in One SEO (AIOSEO) 5.0.0.1\" \/>\n\t\t<meta property=\"og:locale\" content=\"pt_BR\" \/>\n\t\t<meta property=\"og:site_name\" content=\"Encontra Bel\u00e9m | Not\u00edcias, eventos, informa\u00e7\u00f5es e dicas na cidade Bel\u00e9m e regi\u00e3o.\" \/>\n\t\t<meta property=\"og:type\" content=\"article\" \/>\n\t\t<meta property=\"og:title\" content=\"Di\u00e1rio Oficial de Bel\u00e9m: Hist\u00f3ria, Endere\u00e7o, Telefone | Encontra Bel\u00e9m\" \/>\n\t\t<meta property=\"og:description\" content=\"Veja sobre o ( Di\u00e1rio Oficial em Bel\u00e9m ) - Informa\u00e7\u00f5es, hor\u00e1rio de funcionamento, endere\u00e7o e telefone. CLIQUE AQUI!\" \/>\n\t\t<meta property=\"og:url\" content=\"https:\/\/www.encontrabelem.com.br\/sobre\/diario-oficial-belem\" \/>\n\t\t<meta property=\"article:published_time\" content=\"2019-01-26T07:52:19+00:00\" \/>\n\t\t<meta property=\"article:modified_time\" content=\"2019-01-31T07:00:12+00:00\" \/>\n\t\t<meta name=\"twitter:card\" content=\"summary\" \/>\n\t\t<meta name=\"twitter:title\" content=\"Di\u00e1rio Oficial de Bel\u00e9m: Hist\u00f3ria, Endere\u00e7o, Telefone | Encontra Bel\u00e9m\" \/>\n\t\t<meta name=\"twitter:description\" content=\"Veja sobre o ( Di\u00e1rio Oficial em Bel\u00e9m ) - Informa\u00e7\u00f5es, hor\u00e1rio de funcionamento, endere\u00e7o e telefone. CLIQUE AQUI!\" \/>\n\t\t<script type=\"application\/ld+json\" class=\"aioseo-schema\">\n\t\t\t{\"@context\":\"https:\\\/\\\/schema.org\",\"@graph\":[{\"@type\":\"BreadcrumbList\",\"@id\":\"https:\\\/\\\/www.encontrabelem.com.br\\\/sobre\\\/diario-oficial-belem#breadcrumblist\",\"itemListElement\":[{\"@type\":\"ListItem\",\"@id\":\"https:\\\/\\\/www.encontrabelem.com.br\\\/sobre#listItem\",\"position\":1,\"name\":\"In\\u00edcio\",\"item\":\"https:\\\/\\\/www.encontrabelem.com.br\\\/sobre\",\"nextItem\":{\"@type\":\"ListItem\",\"@id\":\"https:\\\/\\\/www.encontrabelem.com.br\\\/sobre\\\/diario-oficial-belem#listItem\",\"name\":\"Di\\u00e1rio Oficial Bel\\u00e9m\"}},{\"@type\":\"ListItem\",\"@id\":\"https:\\\/\\\/www.encontrabelem.com.br\\\/sobre\\\/diario-oficial-belem#listItem\",\"position\":2,\"name\":\"Di\\u00e1rio Oficial Bel\\u00e9m\",\"previousItem\":{\"@type\":\"ListItem\",\"@id\":\"https:\\\/\\\/www.encontrabelem.com.br\\\/sobre#listItem\",\"name\":\"In\\u00edcio\"}}]},{\"@type\":\"Organization\",\"@id\":\"https:\\\/\\\/www.encontrabelem.com.br\\\/sobre\\\/#organization\",\"name\":\"Encontra Bel\\u00e9m\",\"description\":\"Not\\u00edcias, eventos, informa\\u00e7\\u00f5es e dicas na cidade Bel\\u00e9m e regi\\u00e3o.\",\"url\":\"https:\\\/\\\/www.encontrabelem.com.br\\\/sobre\\\/\"},{\"@type\":\"WebPage\",\"@id\":\"https:\\\/\\\/www.encontrabelem.com.br\\\/sobre\\\/diario-oficial-belem#webpage\",\"url\":\"https:\\\/\\\/www.encontrabelem.com.br\\\/sobre\\\/diario-oficial-belem\",\"name\":\"Di\\u00e1rio Oficial de Bel\\u00e9m: Hist\\u00f3ria, Endere\\u00e7o, Telefone | Encontra Bel\\u00e9m\",\"description\":\"Veja sobre o ( Di\\u00e1rio Oficial em Bel\\u00e9m ) - Informa\\u00e7\\u00f5es, hor\\u00e1rio de funcionamento, endere\\u00e7o e telefone. CLIQUE AQUI!\",\"inLanguage\":\"pt-BR\",\"isPartOf\":{\"@id\":\"https:\\\/\\\/www.encontrabelem.com.br\\\/sobre\\\/#website\"},\"breadcrumb\":{\"@id\":\"https:\\\/\\\/www.encontrabelem.com.br\\\/sobre\\\/diario-oficial-belem#breadcrumblist\"},\"datePublished\":\"2019-01-26T05:52:19-02:00\",\"dateModified\":\"2019-01-31T05:00:12-02:00\"},{\"@type\":\"WebSite\",\"@id\":\"https:\\\/\\\/www.encontrabelem.com.br\\\/sobre\\\/#website\",\"url\":\"https:\\\/\\\/www.encontrabelem.com.br\\\/sobre\\\/\",\"name\":\"Encontra Bel\\u00e9m\",\"description\":\"Not\\u00edcias, eventos, informa\\u00e7\\u00f5es e dicas na cidade Bel\\u00e9m e regi\\u00e3o.\",\"inLanguage\":\"pt-BR\",\"publisher\":{\"@id\":\"https:\\\/\\\/www.encontrabelem.com.br\\\/sobre\\\/#organization\"}}]}\n\t\t<\/script>\n\t\t<!-- All in One SEO -->\n\n","aioseo_head_json":{"title":"Di\u00e1rio Oficial de Bel\u00e9m: Hist\u00f3ria, Endere\u00e7o, Telefone | Encontra Bel\u00e9m","description":"Veja sobre o ( Di\u00e1rio Oficial em Bel\u00e9m ) - Informa\u00e7\u00f5es, hor\u00e1rio de funcionamento, endere\u00e7o e telefone. CLIQUE AQUI!","canonical_url":"https:\/\/www.encontrabelem.com.br\/sobre\/diario-oficial-belem","robots":"max-image-preview:large","keywords":"","webmasterTools":{"miscellaneous":""},"schema":{"@context":"https:\/\/schema.org","@graph":[{"@type":"BreadcrumbList","@id":"https:\/\/www.encontrabelem.com.br\/sobre\/diario-oficial-belem#breadcrumblist","itemListElement":[{"@type":"ListItem","@id":"https:\/\/www.encontrabelem.com.br\/sobre#listItem","position":1,"name":"In\u00edcio","item":"https:\/\/www.encontrabelem.com.br\/sobre","nextItem":{"@type":"ListItem","@id":"https:\/\/www.encontrabelem.com.br\/sobre\/diario-oficial-belem#listItem","name":"Di\u00e1rio Oficial Bel\u00e9m"}},{"@type":"ListItem","@id":"https:\/\/www.encontrabelem.com.br\/sobre\/diario-oficial-belem#listItem","position":2,"name":"Di\u00e1rio Oficial Bel\u00e9m","previousItem":{"@type":"ListItem","@id":"https:\/\/www.encontrabelem.com.br\/sobre#listItem","name":"In\u00edcio"}}]},{"@type":"Organization","@id":"https:\/\/www.encontrabelem.com.br\/sobre\/#organization","name":"Encontra Bel\u00e9m","description":"Not\u00edcias, eventos, informa\u00e7\u00f5es e dicas na cidade Bel\u00e9m e regi\u00e3o.","url":"https:\/\/www.encontrabelem.com.br\/sobre\/"},{"@type":"WebPage","@id":"https:\/\/www.encontrabelem.com.br\/sobre\/diario-oficial-belem#webpage","url":"https:\/\/www.encontrabelem.com.br\/sobre\/diario-oficial-belem","name":"Di\u00e1rio Oficial de Bel\u00e9m: Hist\u00f3ria, Endere\u00e7o, Telefone | Encontra Bel\u00e9m","description":"Veja sobre o ( Di\u00e1rio Oficial em Bel\u00e9m ) - Informa\u00e7\u00f5es, hor\u00e1rio de funcionamento, endere\u00e7o e telefone. CLIQUE AQUI!","inLanguage":"pt-BR","isPartOf":{"@id":"https:\/\/www.encontrabelem.com.br\/sobre\/#website"},"breadcrumb":{"@id":"https:\/\/www.encontrabelem.com.br\/sobre\/diario-oficial-belem#breadcrumblist"},"datePublished":"2019-01-26T05:52:19-02:00","dateModified":"2019-01-31T05:00:12-02:00"},{"@type":"WebSite","@id":"https:\/\/www.encontrabelem.com.br\/sobre\/#website","url":"https:\/\/www.encontrabelem.com.br\/sobre\/","name":"Encontra Bel\u00e9m","description":"Not\u00edcias, eventos, informa\u00e7\u00f5es e dicas na cidade Bel\u00e9m e regi\u00e3o.","inLanguage":"pt-BR","publisher":{"@id":"https:\/\/www.encontrabelem.com.br\/sobre\/#organization"}}]},"og:locale":"pt_BR","og:site_name":"Encontra Bel\u00e9m | Not\u00edcias, eventos, informa\u00e7\u00f5es e dicas na cidade Bel\u00e9m e regi\u00e3o.","og:type":"article","og:title":"Di\u00e1rio Oficial de Bel\u00e9m: Hist\u00f3ria, Endere\u00e7o, Telefone | Encontra Bel\u00e9m","og:description":"Veja sobre o ( Di\u00e1rio Oficial em Bel\u00e9m ) - Informa\u00e7\u00f5es, hor\u00e1rio de funcionamento, endere\u00e7o e telefone. CLIQUE AQUI!","og:url":"https:\/\/www.encontrabelem.com.br\/sobre\/diario-oficial-belem","article:published_time":"2019-01-26T07:52:19+00:00","article:modified_time":"2019-01-31T07:00:12+00:00","twitter:card":"summary","twitter:title":"Di\u00e1rio Oficial de Bel\u00e9m: Hist\u00f3ria, Endere\u00e7o, Telefone | Encontra Bel\u00e9m","twitter:description":"Veja sobre o ( Di\u00e1rio Oficial em Bel\u00e9m ) - Informa\u00e7\u00f5es, hor\u00e1rio de funcionamento, endere\u00e7o e telefone. CLIQUE AQUI!"},"aioseo_meta_data":{"post_id":"437","title":"Di\u00e1rio Oficial de Bel\u00e9m: Hist\u00f3ria, Endere\u00e7o, Telefone | #site_title","description":"Veja sobre o ( Di\u00e1rio Oficial em Bel\u00e9m )  - Informa\u00e7\u00f5es, hor\u00e1rio de funcionamento, endere\u00e7o e telefone. CLIQUE AQUI!","keywords":null,"keyphrases":null,"primary_term":null,"canonical_url":null,"og_title":null,"og_description":null,"og_object_type":"default","og_image_type":"default","og_image_url":null,"og_image_width":null,"og_image_height":null,"og_image_custom_url":null,"og_image_custom_fields":null,"og_video":null,"og_custom_url":null,"og_article_section":null,"og_article_tags":null,"twitter_use_og":false,"twitter_card":"default","twitter_image_type":"default","twitter_image_url":null,"twitter_image_custom_url":null,"twitter_image_custom_fields":null,"twitter_title":null,"twitter_description":null,"schema":{"blockGraphs":[],"customGraphs":[],"default":{"data":{"Article":[],"Course":[],"Dataset":[],"FAQPage":[],"Movie":[],"Person":[],"Product":[],"ProductReview":[],"Car":[],"Recipe":[],"Service":[],"SoftwareApplication":[],"WebPage":[]},"graphName":"WebPage","isEnabled":true},"graphs":[]},"schema_type":null,"schema_type_options":null,"pillar_content":false,"robots_default":true,"robots_noindex":false,"robots_noarchive":false,"robots_nosnippet":false,"robots_nofollow":false,"robots_noimageindex":false,"robots_noodp":false,"robots_notranslate":false,"robots_max_snippet":null,"robots_max_videopreview":null,"robots_max_imagepreview":"large","priority":null,"frequency":null,"local_seo":null,"breadcrumb_settings":null,"limit_modified_date":false,"ai":null,"created":"2021-08-12 19:18:56","updated":"2025-11-25 01:29:22","focus_keyword":null,"additional_keywords":null,"truseo_locale":null,"seo_analyzer_scan_date":null},"aioseo_breadcrumb":"<div class=\"aioseo-breadcrumbs\"><span class=\"aioseo-breadcrumb\">\n\t\t\t<a href=\"https:\/\/www.encontrabelem.com.br\/sobre\" title=\"In\u00edcio\">In\u00edcio<\/a>\n\t\t<\/span><span class=\"aioseo-breadcrumb-separator\">&raquo;<\/span><span class=\"aioseo-breadcrumb\">\n\t\t\tDi\u00e1rio Oficial Bel\u00e9m\n\t\t<\/span><\/div>","aioseo_breadcrumb_json":[{"label":"In\u00edcio","link":"https:\/\/www.encontrabelem.com.br\/sobre"},{"label":"Di\u00e1rio Oficial Bel\u00e9m","link":"https:\/\/www.encontrabelem.com.br\/sobre\/diario-oficial-belem"}],"_links":{"self":[{"href":"https:\/\/www.encontrabelem.com.br\/sobre\/wp-json\/wp\/v2\/pages\/437","targetHints":{"allow":["GET"]}}],"collection":[{"href":"https:\/\/www.encontrabelem.com.br\/sobre\/wp-json\/wp\/v2\/pages"}],"about":[{"href":"https:\/\/www.encontrabelem.com.br\/sobre\/wp-json\/wp\/v2\/types\/page"}],"author":[{"embeddable":true,"href":"https:\/\/www.encontrabelem.com.br\/sobre\/wp-json\/wp\/v2\/users\/1"}],"replies":[{"embeddable":true,"href":"https:\/\/www.encontrabelem.com.br\/sobre\/wp-json\/wp\/v2\/comments?post=437"}],"version-history":[{"count":0,"href":"https:\/\/www.encontrabelem.com.br\/sobre\/wp-json\/wp\/v2\/pages\/437\/revisions"}],"wp:attachment":[{"href":"https:\/\/www.encontrabelem.com.br\/sobre\/wp-json\/wp\/v2\/media?parent=437"}],"curies":[{"name":"wp","href":"https:\/\/api.w.org\/{rel}","templated":true}]}}