{"id":421,"date":"2019-01-20T13:00:10","date_gmt":"2019-01-20T15:00:10","guid":{"rendered":"http:\/\/www.encontrabelem.com.br\/sobre\/?page_id=421"},"modified":"2019-01-20T13:00:54","modified_gmt":"2019-01-20T15:00:54","slug":"ifpa-belem","status":"publish","type":"page","link":"https:\/\/www.encontrabelem.com.br\/sobre\/ifpa-belem","title":{"rendered":"IFPA Bel\u00e9m"},"content":{"rendered":"<div class=\"b22802487b0d38c4c6d9f34966e16421\" data-index=\"1\" style=\"float: none; margin:0px;\">\n<!-- Anuncio display - global -->\r\n<ins class=\"adsbygoogle\"\r\n     style=\"display:block\"\r\n     data-ad-client=\"ca-pub-8585364105181520\"\r\n     data-ad-slot=\"8789329856\"\r\n     data-ad-format=\"auto\"\r\n     data-full-width-responsive=\"true\"><\/ins>\r\n<script>\r\n     (adsbygoogle = window.adsbygoogle || []).push({});\r\n<\/script>\n<\/div>\n<p>O\u00a0<strong>IFPA\u00a0Bel\u00e9m \u2013\u00a0<\/strong>Instituto Federal do Par\u00e1 \u2013 \u00e9 uma institui\u00e7\u00e3o p\u00fablica federal de ensino vinculada ao Minist\u00e9rio da Educa\u00e7\u00e3o (MEC) por meio da Secretaria de Educa\u00e7\u00e3o Profissional e Tecnol\u00f3gica (SETEC). \u00c9 voltada a educa\u00e7\u00e3o superior, b\u00e1sica e profissional, especializada na oferta gratuita de educa\u00e7\u00e3o profissional e tecnol\u00f3gica nas diferentes modalidades e n\u00edveis de ensino.<\/p>\n<p>A institui\u00e7\u00e3o foi criada em dezembro de 2008 atrav\u00e9s da Lei 11.892, que instituiu a Rede Federal de Educa\u00e7\u00e3o Profissional e Tecnol\u00f3gica e os 38 institutos federais hoje existentes no pa\u00eds.<\/p>\n<p><img loading=\"lazy\" decoding=\"async\" class=\"alignnone wp-image-423 size-full\" title=\"IFPA Bel\u00e9m\" src=\"http:\/\/www.encontrabelem.com.br\/sobre\/wp-content\/uploads\/2019\/01\/iFPA-belem.gif\" alt=\"IFPA Bel\u00e9m\" width=\"680\" height=\"189\" \/><\/p>\n<h2>IFPA Bel\u00e9m Inscri\u00e7\u00f5es<\/h2>\n<p>As\u00a0<em>inscri\u00e7\u00f5es<\/em>\u00a0para a IFPA s\u00e3o divulgadas no site, acesse e fique atento as datas para n\u00e3o perder a oportunidade de estudar.<\/p>\n<h3>Instituto Federal do Par\u00e1\u00a0Cursos<\/h3>\n<p>O IFPA oferece os seguintes\u00a0<em>cursos:<\/em><\/p>\n<p>Cursos T\u00e9cnicos<\/p>\n<ul>\n<li>T\u00e9cnico em Minera\u00e7\u00e3o<\/li>\n<li>T\u00e9cnico em Aq\u00fcicultura<\/li>\n<li>T\u00e9cnico em Pesca<\/li>\n<li>T\u00e9cnico em Design de M\u00f3veis e Interiores<\/li>\n<li>T\u00e9cnico em Telecomunica\u00e7\u00e3o<\/li>\n<li>T\u00e9cnico em Inform\u00e1tica<\/li>\n<li>T\u00e9cnico em Eletr\u00f4nica<\/li>\n<li>T\u00e9cnico em Mec\u00e2nica<\/li>\n<li>T\u00e9cnico em Eletrot\u00e9cnica<\/li>\n<li>T\u00e9cnico em Metalurgia<\/li>\n<li>T\u00e9cnico em Qu\u00edmica<\/li>\n<li>T\u00e9cnico em Geod\u00e9sia e Cartografia<\/li>\n<li>T\u00e9cnico em Edifica\u00e7\u00f5es<\/li>\n<li>T\u00e9cnico em Saneamento<\/li>\n<li>T\u00e9cnico em Agrimensura<\/li>\n<li>T\u00e9cnico em Estradas<\/li>\n<li>T\u00e9cnico em Eventos<\/li>\n<li>T\u00e9cnico em Agente Comunit\u00e1rio de Sa\u00fade<\/li>\n<li>T\u00e9cnico em Seguran\u00e7a do Trabalho<\/li>\n<\/ul>\n<p>Cursos de Gradua\u00e7\u00e3o:<\/p>\n<ul>\n<li>Licenciatura Plena em Pedagogia<\/li>\n<li>Licenciatura Plena em Matem\u00e1tica<\/li>\n<li>Licenciatura Plena em Geografia<\/li>\n<li>Licenciatura Plena em F\u00edsica<\/li>\n<li>Licenciatura Plena em Letras<\/li>\n<li>Licenciatura Plena em Biologia<\/li>\n<li>Licenciatura Plena em Qu\u00edmica<\/li>\n<li>Tecn\u00f3logo em Eletrot\u00e9cnica Industrial<\/li>\n<li>Engenharia de Controle e Automa\u00e7\u00e3o<\/li>\n<li>Engenharia de Materiais<\/li>\n<li>Tecn\u00f3logo em Gest\u00e3o de Sa\u00fade<\/li>\n<li>Tecn\u00f3logo em Saneamento Ambiental<\/li>\n<li>Tecn\u00f3logo em Sistemas de Telecomunica\u00e7\u00f5es<\/li>\n<li>Tecn\u00f3logo em An\u00e1lise e Desenvolvimento de Sistemas<\/li>\n<li>Tecn\u00f3logo em Gest\u00e3o P\u00fablica<\/li>\n<\/ul>\n<p>Cursos de Especializa\u00e7\u00e3o:<\/p>\n<ul>\n<li>Especializa\u00e7\u00e3o Educa\u00e7\u00e3o para as Rela\u00e7\u00f5es Etnicorraciais<\/li>\n<li>Especializa\u00e7\u00e3o Redes El\u00e9tricas Inteligentes<\/li>\n<li>Especializa\u00e7\u00e3o Saberes, Linguagens e Pr\u00e1ticas Educacionais na Amaz\u00f4nia<\/li>\n<li>Especializa\u00e7\u00e3o Sa\u00fade P\u00fablica<\/li>\n<\/ul>\n<p>Cursos de Mestrado:<\/p>\n<ul>\n<li>Mestrado Profissional em Engenharia de Materiais<\/li>\n<li>Mestrado Profissional em Educa\u00e7\u00e3o Profissional e Tecnol\u00f3gica em Rede Nacional (PROFEPT)<\/li>\n<\/ul>\n<h3>IFPA\u00a0Bel\u00e9m Concursos<\/h3>\n<p>O IFPA contrata funcion\u00e1rios atrav\u00e9s de <em>concursos<\/em> p\u00fablicos, acesse o site e n\u00e3o perca a oportunidade de trabalhar no Instituto.<\/p>\n<h3>Hor\u00e1rio de Funcionamento\u00a0IFPA em\u00a0Bel\u00e9m<\/h3>\n<ul>\n<li>Segunda a Sexta das 08h \u00e0s 19h30<\/li>\n<\/ul>\n<h3>Endere\u00e7o e Telefone IFPA em\u00a0Bel\u00e9m<\/h3>\n<ul>\n<li>Av. Alm. Barroso, 1155 &#8211; Marco &#8211; Bel\u00e9m &#8211; PA<\/li>\n<li>Telefone: (91) 3201-1701<\/li>\n<\/ul>\n<h4>Outras informa\u00e7\u00f5es e site<\/h4>\n<ul>\n<li>Mais informa\u00e7\u00f5es:\u00a0<a href=\"http:\/\/belem.ifpa.edu.br\/\" target=\"_blank\" rel=\"noopener noreferrer\">www.belem.ifpa.edu.br<\/a><\/li>\n<\/ul>\n<h4>Mapa de localiza\u00e7\u00e3o<\/h4>\n<a class=\"wp-colorbox-iframe\" href=\"https:\/\/www.google.com\/maps\/embed?pb=!1m14!1m8!1m3!1d15954.24812207591!2d-48.4611936!3d-1.4378626!3m2!1i1024!2i768!4f13.1!3m3!1m2!1s0x00x5ace4d45a86e975d!2sIFPA+-+Instituto+Federal+de+Educao+Cincia+e+Tecnologia+do+Par+Campus+Belm!5e0!3m2!1spt-BR!2sbr!4v1547996394373\"><img decoding=\"async\" src=\"http:\/\/www.encontrabelem.com.br\/imgs\/maps-post.png\"><\/a>\n\n<div style=\"font-size: 0px; height: 0px; line-height: 0px; margin: 0; padding: 0; clear: both;\"><\/div>","protected":false},"excerpt":{"rendered":"<p>O\u00a0IFPA\u00a0Bel\u00e9m \u2013\u00a0Instituto Federal do Par\u00e1 \u2013 \u00e9 uma institui\u00e7\u00e3o p\u00fablica federal de ensino vinculada ao Minist\u00e9rio da Educa\u00e7\u00e3o (MEC) por meio da Secretaria de Educa\u00e7\u00e3o Profissional e Tecnol\u00f3gica (SETEC). \u00c9 voltada a educa\u00e7\u00e3o superior, b\u00e1sica e profissional, especializada na oferta gratuita de educa\u00e7\u00e3o profissional e tecnol\u00f3gica nas diferentes modalidades e n\u00edveis de ensino. A institui\u00e7\u00e3o foi criada em dezembro de 2008 atrav\u00e9s da Lei 11.892, que instituiu a Rede Federal de Educa\u00e7\u00e3o Profissional e Tecnol\u00f3gica e os 38 institutos federais hoje existentes no pa\u00eds. IFPA Bel\u00e9m Inscri\u00e7\u00f5es As\u00a0inscri\u00e7\u00f5es\u00a0para a IFPA s\u00e3o divulgadas no site, acesse e fique atento as datas <\/p>\n","protected":false},"author":1,"featured_media":0,"parent":0,"menu_order":0,"comment_status":"closed","ping_status":"closed","template":"","meta":{"footnotes":""},"class_list":["post-421","page","type-page","status-publish","hentry"],"aioseo_notices":[],"aioseo_head":"\n\t\t<!-- All in One SEO 5.0.0.1 - aioseo.com -->\n\t<meta name=\"description\" content=\"Veja sobre o ( IFPA em Bel\u00e9m ) - Informa\u00e7\u00f5es, inscri\u00e7\u00f5es, cursos, concursos, hor\u00e1rio de funcionamento, endere\u00e7o e telefone. CLIQUE AQUI!\" \/>\n\t<meta name=\"robots\" content=\"max-image-preview:large\" \/>\n\t<link rel=\"canonical\" href=\"https:\/\/www.encontrabelem.com.br\/sobre\/ifpa-belem\" \/>\n\t<meta name=\"generator\" content=\"All in One SEO (AIOSEO) 5.0.0.1\" \/>\n\t\t<meta property=\"og:locale\" content=\"pt_BR\" \/>\n\t\t<meta property=\"og:site_name\" content=\"Encontra Bel\u00e9m | Not\u00edcias, eventos, informa\u00e7\u00f5es e dicas na cidade Bel\u00e9m e regi\u00e3o.\" \/>\n\t\t<meta property=\"og:type\" content=\"article\" \/>\n\t\t<meta property=\"og:title\" content=\"IFPA Bel\u00e9m: Inscri\u00e7\u00f5es, Cursos, Concursos, Endere\u00e7o, Telefone | Encontra Bel\u00e9m\" \/>\n\t\t<meta property=\"og:description\" content=\"Veja sobre o ( IFPA em Bel\u00e9m ) - Informa\u00e7\u00f5es, inscri\u00e7\u00f5es, cursos, concursos, hor\u00e1rio de funcionamento, endere\u00e7o e telefone. CLIQUE AQUI!\" \/>\n\t\t<meta property=\"og:url\" content=\"https:\/\/www.encontrabelem.com.br\/sobre\/ifpa-belem\" \/>\n\t\t<meta property=\"article:published_time\" content=\"2019-01-20T15:00:10+00:00\" \/>\n\t\t<meta property=\"article:modified_time\" content=\"2019-01-20T15:00:54+00:00\" \/>\n\t\t<meta name=\"twitter:card\" content=\"summary\" \/>\n\t\t<meta name=\"twitter:title\" content=\"IFPA Bel\u00e9m: Inscri\u00e7\u00f5es, Cursos, Concursos, Endere\u00e7o, Telefone | Encontra Bel\u00e9m\" \/>\n\t\t<meta name=\"twitter:description\" content=\"Veja sobre o ( IFPA em Bel\u00e9m ) - Informa\u00e7\u00f5es, inscri\u00e7\u00f5es, cursos, concursos, hor\u00e1rio de funcionamento, endere\u00e7o e telefone. CLIQUE AQUI!\" \/>\n\t\t<script type=\"application\/ld+json\" class=\"aioseo-schema\">\n\t\t\t{\"@context\":\"https:\\\/\\\/schema.org\",\"@graph\":[{\"@type\":\"BreadcrumbList\",\"@id\":\"https:\\\/\\\/www.encontrabelem.com.br\\\/sobre\\\/ifpa-belem#breadcrumblist\",\"itemListElement\":[{\"@type\":\"ListItem\",\"@id\":\"https:\\\/\\\/www.encontrabelem.com.br\\\/sobre#listItem\",\"position\":1,\"name\":\"In\\u00edcio\",\"item\":\"https:\\\/\\\/www.encontrabelem.com.br\\\/sobre\",\"nextItem\":{\"@type\":\"ListItem\",\"@id\":\"https:\\\/\\\/www.encontrabelem.com.br\\\/sobre\\\/ifpa-belem#listItem\",\"name\":\"IFPA Bel\\u00e9m\"}},{\"@type\":\"ListItem\",\"@id\":\"https:\\\/\\\/www.encontrabelem.com.br\\\/sobre\\\/ifpa-belem#listItem\",\"position\":2,\"name\":\"IFPA Bel\\u00e9m\",\"previousItem\":{\"@type\":\"ListItem\",\"@id\":\"https:\\\/\\\/www.encontrabelem.com.br\\\/sobre#listItem\",\"name\":\"In\\u00edcio\"}}]},{\"@type\":\"Organization\",\"@id\":\"https:\\\/\\\/www.encontrabelem.com.br\\\/sobre\\\/#organization\",\"name\":\"Encontra Bel\\u00e9m\",\"description\":\"Not\\u00edcias, eventos, informa\\u00e7\\u00f5es e dicas na cidade Bel\\u00e9m e regi\\u00e3o.\",\"url\":\"https:\\\/\\\/www.encontrabelem.com.br\\\/sobre\\\/\"},{\"@type\":\"WebPage\",\"@id\":\"https:\\\/\\\/www.encontrabelem.com.br\\\/sobre\\\/ifpa-belem#webpage\",\"url\":\"https:\\\/\\\/www.encontrabelem.com.br\\\/sobre\\\/ifpa-belem\",\"name\":\"IFPA Bel\\u00e9m: Inscri\\u00e7\\u00f5es, Cursos, Concursos, Endere\\u00e7o, Telefone | Encontra Bel\\u00e9m\",\"description\":\"Veja sobre o ( IFPA em Bel\\u00e9m ) - Informa\\u00e7\\u00f5es, inscri\\u00e7\\u00f5es, cursos, concursos, hor\\u00e1rio de funcionamento, endere\\u00e7o e telefone. CLIQUE AQUI!\",\"inLanguage\":\"pt-BR\",\"isPartOf\":{\"@id\":\"https:\\\/\\\/www.encontrabelem.com.br\\\/sobre\\\/#website\"},\"breadcrumb\":{\"@id\":\"https:\\\/\\\/www.encontrabelem.com.br\\\/sobre\\\/ifpa-belem#breadcrumblist\"},\"datePublished\":\"2019-01-20T13:00:10-02:00\",\"dateModified\":\"2019-01-20T13:00:54-02:00\"},{\"@type\":\"WebSite\",\"@id\":\"https:\\\/\\\/www.encontrabelem.com.br\\\/sobre\\\/#website\",\"url\":\"https:\\\/\\\/www.encontrabelem.com.br\\\/sobre\\\/\",\"name\":\"Encontra Bel\\u00e9m\",\"description\":\"Not\\u00edcias, eventos, informa\\u00e7\\u00f5es e dicas na cidade Bel\\u00e9m e regi\\u00e3o.\",\"inLanguage\":\"pt-BR\",\"publisher\":{\"@id\":\"https:\\\/\\\/www.encontrabelem.com.br\\\/sobre\\\/#organization\"}}]}\n\t\t<\/script>\n\t\t<!-- All in One SEO -->\n\n","aioseo_head_json":{"title":"IFPA Bel\u00e9m: Inscri\u00e7\u00f5es, Cursos, Concursos, Endere\u00e7o, Telefone | Encontra Bel\u00e9m","description":"Veja sobre o ( IFPA em Bel\u00e9m ) - Informa\u00e7\u00f5es, inscri\u00e7\u00f5es, cursos, concursos, hor\u00e1rio de funcionamento, endere\u00e7o e telefone. CLIQUE AQUI!","canonical_url":"https:\/\/www.encontrabelem.com.br\/sobre\/ifpa-belem","robots":"max-image-preview:large","keywords":"","webmasterTools":{"miscellaneous":""},"schema":{"@context":"https:\/\/schema.org","@graph":[{"@type":"BreadcrumbList","@id":"https:\/\/www.encontrabelem.com.br\/sobre\/ifpa-belem#breadcrumblist","itemListElement":[{"@type":"ListItem","@id":"https:\/\/www.encontrabelem.com.br\/sobre#listItem","position":1,"name":"In\u00edcio","item":"https:\/\/www.encontrabelem.com.br\/sobre","nextItem":{"@type":"ListItem","@id":"https:\/\/www.encontrabelem.com.br\/sobre\/ifpa-belem#listItem","name":"IFPA Bel\u00e9m"}},{"@type":"ListItem","@id":"https:\/\/www.encontrabelem.com.br\/sobre\/ifpa-belem#listItem","position":2,"name":"IFPA Bel\u00e9m","previousItem":{"@type":"ListItem","@id":"https:\/\/www.encontrabelem.com.br\/sobre#listItem","name":"In\u00edcio"}}]},{"@type":"Organization","@id":"https:\/\/www.encontrabelem.com.br\/sobre\/#organization","name":"Encontra Bel\u00e9m","description":"Not\u00edcias, eventos, informa\u00e7\u00f5es e dicas na cidade Bel\u00e9m e regi\u00e3o.","url":"https:\/\/www.encontrabelem.com.br\/sobre\/"},{"@type":"WebPage","@id":"https:\/\/www.encontrabelem.com.br\/sobre\/ifpa-belem#webpage","url":"https:\/\/www.encontrabelem.com.br\/sobre\/ifpa-belem","name":"IFPA Bel\u00e9m: Inscri\u00e7\u00f5es, Cursos, Concursos, Endere\u00e7o, Telefone | Encontra Bel\u00e9m","description":"Veja sobre o ( IFPA em Bel\u00e9m ) - Informa\u00e7\u00f5es, inscri\u00e7\u00f5es, cursos, concursos, hor\u00e1rio de funcionamento, endere\u00e7o e telefone. CLIQUE AQUI!","inLanguage":"pt-BR","isPartOf":{"@id":"https:\/\/www.encontrabelem.com.br\/sobre\/#website"},"breadcrumb":{"@id":"https:\/\/www.encontrabelem.com.br\/sobre\/ifpa-belem#breadcrumblist"},"datePublished":"2019-01-20T13:00:10-02:00","dateModified":"2019-01-20T13:00:54-02:00"},{"@type":"WebSite","@id":"https:\/\/www.encontrabelem.com.br\/sobre\/#website","url":"https:\/\/www.encontrabelem.com.br\/sobre\/","name":"Encontra Bel\u00e9m","description":"Not\u00edcias, eventos, informa\u00e7\u00f5es e dicas na cidade Bel\u00e9m e regi\u00e3o.","inLanguage":"pt-BR","publisher":{"@id":"https:\/\/www.encontrabelem.com.br\/sobre\/#organization"}}]},"og:locale":"pt_BR","og:site_name":"Encontra Bel\u00e9m | Not\u00edcias, eventos, informa\u00e7\u00f5es e dicas na cidade Bel\u00e9m e regi\u00e3o.","og:type":"article","og:title":"IFPA Bel\u00e9m: Inscri\u00e7\u00f5es, Cursos, Concursos, Endere\u00e7o, Telefone | Encontra Bel\u00e9m","og:description":"Veja sobre o ( IFPA em Bel\u00e9m ) - Informa\u00e7\u00f5es, inscri\u00e7\u00f5es, cursos, concursos, hor\u00e1rio de funcionamento, endere\u00e7o e telefone. CLIQUE AQUI!","og:url":"https:\/\/www.encontrabelem.com.br\/sobre\/ifpa-belem","article:published_time":"2019-01-20T15:00:10+00:00","article:modified_time":"2019-01-20T15:00:54+00:00","twitter:card":"summary","twitter:title":"IFPA Bel\u00e9m: Inscri\u00e7\u00f5es, Cursos, Concursos, Endere\u00e7o, Telefone | Encontra Bel\u00e9m","twitter:description":"Veja sobre o ( IFPA em Bel\u00e9m ) - Informa\u00e7\u00f5es, inscri\u00e7\u00f5es, cursos, concursos, hor\u00e1rio de funcionamento, endere\u00e7o e telefone. CLIQUE AQUI!"},"aioseo_meta_data":{"post_id":"421","title":"IFPA Bel\u00e9m: Inscri\u00e7\u00f5es, Cursos, Concursos, Endere\u00e7o, Telefone | #site_title","description":"Veja sobre o ( IFPA em Bel\u00e9m )  - Informa\u00e7\u00f5es, inscri\u00e7\u00f5es, cursos, concursos, hor\u00e1rio de funcionamento, endere\u00e7o e telefone. CLIQUE AQUI!","keywords":null,"keyphrases":null,"primary_term":null,"canonical_url":null,"og_title":null,"og_description":null,"og_object_type":"default","og_image_type":"default","og_image_url":null,"og_image_width":null,"og_image_height":null,"og_image_custom_url":null,"og_image_custom_fields":null,"og_video":null,"og_custom_url":null,"og_article_section":null,"og_article_tags":null,"twitter_use_og":false,"twitter_card":"default","twitter_image_type":"default","twitter_image_url":null,"twitter_image_custom_url":null,"twitter_image_custom_fields":null,"twitter_title":null,"twitter_description":null,"schema":{"blockGraphs":[],"customGraphs":[],"default":{"data":{"Article":[],"Course":[],"Dataset":[],"FAQPage":[],"Movie":[],"Person":[],"Product":[],"ProductReview":[],"Car":[],"Recipe":[],"Service":[],"SoftwareApplication":[],"WebPage":[]},"graphName":"WebPage","isEnabled":true},"graphs":[]},"schema_type":null,"schema_type_options":null,"pillar_content":false,"robots_default":true,"robots_noindex":false,"robots_noarchive":false,"robots_nosnippet":false,"robots_nofollow":false,"robots_noimageindex":false,"robots_noodp":false,"robots_notranslate":false,"robots_max_snippet":null,"robots_max_videopreview":null,"robots_max_imagepreview":"large","priority":null,"frequency":null,"local_seo":null,"breadcrumb_settings":null,"limit_modified_date":false,"ai":null,"created":"2021-08-12 19:07:24","updated":"2025-11-25 01:29:22","focus_keyword":null,"additional_keywords":null,"truseo_locale":null,"seo_analyzer_scan_date":null},"aioseo_breadcrumb":"<div class=\"aioseo-breadcrumbs\"><span class=\"aioseo-breadcrumb\">\n\t\t\t<a href=\"https:\/\/www.encontrabelem.com.br\/sobre\" title=\"In\u00edcio\">In\u00edcio<\/a>\n\t\t<\/span><span class=\"aioseo-breadcrumb-separator\">&raquo;<\/span><span class=\"aioseo-breadcrumb\">\n\t\t\tIFPA Bel\u00e9m\n\t\t<\/span><\/div>","aioseo_breadcrumb_json":[{"label":"In\u00edcio","link":"https:\/\/www.encontrabelem.com.br\/sobre"},{"label":"IFPA Bel\u00e9m","link":"https:\/\/www.encontrabelem.com.br\/sobre\/ifpa-belem"}],"_links":{"self":[{"href":"https:\/\/www.encontrabelem.com.br\/sobre\/wp-json\/wp\/v2\/pages\/421","targetHints":{"allow":["GET"]}}],"collection":[{"href":"https:\/\/www.encontrabelem.com.br\/sobre\/wp-json\/wp\/v2\/pages"}],"about":[{"href":"https:\/\/www.encontrabelem.com.br\/sobre\/wp-json\/wp\/v2\/types\/page"}],"author":[{"embeddable":true,"href":"https:\/\/www.encontrabelem.com.br\/sobre\/wp-json\/wp\/v2\/users\/1"}],"replies":[{"embeddable":true,"href":"https:\/\/www.encontrabelem.com.br\/sobre\/wp-json\/wp\/v2\/comments?post=421"}],"version-history":[{"count":0,"href":"https:\/\/www.encontrabelem.com.br\/sobre\/wp-json\/wp\/v2\/pages\/421\/revisions"}],"wp:attachment":[{"href":"https:\/\/www.encontrabelem.com.br\/sobre\/wp-json\/wp\/v2\/media?parent=421"}],"curies":[{"name":"wp","href":"https:\/\/api.w.org\/{rel}","templated":true}]}}